{"version":"1.0","provider_name":"Aline Du Pasquier \u2022 soprano","provider_url":"https:\/\/alinedupasquier.info\/en\/","author_name":"Aline Du Pasquier","author_url":"https:\/\/alinedupasquier.info\/en\/author\/aline\/","title":"CANTIENICA@- f\u00fcr S\u00e4ngerInnen, Workshop - Aline Du Pasquier \u2022 soprano","type":"rich","width":600,"height":338,"html":"<blockquote class=\"wp-embedded-content\" data-secret=\"byLb5EuVWC\"><a href=\"https:\/\/alinedupasquier.info\/en\/calendar\/cantienica-fur-sangerinnen-workshop-2\/\">CANTIENICA@- f\u00fcr S\u00e4ngerInnen, Workshop<\/a><\/blockquote><iframe sandbox=\"allow-scripts\" security=\"restricted\" src=\"https:\/\/alinedupasquier.info\/en\/calendar\/cantienica-fur-sangerinnen-workshop-2\/embed\/#?secret=byLb5EuVWC\" width=\"600\" height=\"338\" title=\"&#8220;CANTIENICA@- f\u00fcr S\u00e4ngerInnen, Workshop&#8221; &#8212; Aline Du Pasquier \u2022 soprano\" data-secret=\"byLb5EuVWC\" frameborder=\"0\" marginwidth=\"0\" marginheight=\"0\" scrolling=\"no\" class=\"wp-embedded-content\"><\/iframe><script type=\"text\/javascript\">\n\/* <![CDATA[ *\/\n\/*! This file is auto-generated *\/\n!function(d,l){\"use strict\";l.querySelector&&d.addEventListener&&\"undefined\"!=typeof URL&&(d.wp=d.wp||{},d.wp.receiveEmbedMessage||(d.wp.receiveEmbedMessage=function(e){var t=e.data;if((t||t.secret||t.message||t.value)&&!\/[^a-zA-Z0-9]\/.test(t.secret)){for(var s,r,n,a=l.querySelectorAll('iframe[data-secret=\"'+t.secret+'\"]'),o=l.querySelectorAll('blockquote[data-secret=\"'+t.secret+'\"]'),c=new RegExp(\"^https?:$\",\"i\"),i=0;i<o.length;i++)o[i].style.display=\"none\";for(i=0;i<a.length;i++)s=a[i],e.source===s.contentWindow&&(s.removeAttribute(\"style\"),\"height\"===t.message?(1e3<(r=parseInt(t.value,10))?r=1e3:~~r<200&&(r=200),s.height=r):\"link\"===t.message&&(r=new URL(s.getAttribute(\"src\")),n=new URL(t.value),c.test(n.protocol))&&n.host===r.host&&l.activeElement===s&&(d.top.location.href=t.value))}},d.addEventListener(\"message\",d.wp.receiveEmbedMessage,!1),l.addEventListener(\"DOMContentLoaded\",function(){for(var e,t,s=l.querySelectorAll(\"iframe.wp-embedded-content\"),r=0;r<s.length;r++)(t=(e=s[r]).getAttribute(\"data-secret\"))||(t=Math.random().toString(36).substring(2,12),e.src+=\"#?secret=\"+t,e.setAttribute(\"data-secret\",t)),e.contentWindow.postMessage({message:\"ready\",secret:t},\"*\")},!1)))}(window,document);\n\/\/# sourceURL=https:\/\/alinedupasquier.info\/wp-includes\/js\/wp-embed.min.js\n\/* ]]> *\/\n<\/script>\n","description":"Einf\u00fchrungskurs Im Einf\u00fchrungskurs entdecken und aktivieren wir den Beckenboden, bauen die f\u00fcr den Gesang so wichtige Aufrichtung auf und vernetzen so den K\u00f6rper von Sohle bis Scheitel. Ebenso werden Klangr\u00e4ume im Kopf erschlossen.\u00a0 Der K\u00f6rper wird f\u00fcr die s\u00e4ngerische und stimmliche Pr\u00e4senz und Ausstrahlung vorbereitet. &nbsp; &nbsp; &nbsp;"}