{"id":55,"date":"2015-03-02T02:26:22","date_gmt":"2015-03-02T01:26:22","guid":{"rendered":"http:\/\/dev.alinedupasquier.info\/?page_id=55"},"modified":"2019-02-27T04:31:00","modified_gmt":"2019-02-27T03:31:00","slug":"media-samples","status":"publish","type":"page","link":"https:\/\/alinedupasquier.info\/en\/media-samples\/","title":{"rendered":"Media Samples"},"content":{"rendered":"<p>[et_pb_section fb_built=&#8221;1&#8243; specialty=&#8221;on&#8221; admin_label=&#8221;section&#8221; _builder_version=&#8221;3.0.47&#8243; custom_padding=&#8221;0px|0px|0px|0px&#8221;][et_pb_column type=&#8221;1_3&#8243; _builder_version=&#8221;3.0.47&#8243;][et_pb_sidebar area=&#8221;sidebar-1&#8243; show_border=&#8221;off&#8221; module_id=&#8221;nav_menu-2&#8243; _builder_version=&#8221;3.0.76&#8243;] [\/et_pb_sidebar][et_pb_text admin_label=&#8221;Text&#8221; _builder_version=&#8221;3.0.74&#8243; background_size=&#8221;initial&#8221; background_position=&#8221;top_left&#8221; background_repeat=&#8221;repeat&#8221;]<\/p>\n<hr \/>\n<p><em><strong>Links:<\/strong><\/em><br \/>\n<a href=\"http:\/\/www.projektchor-rheinfelden.ch.\">Projektchor Rheinfelden<br \/>\n<\/a><a href=\"http:\/\/www.trirhenum.ch\">Sinfonieorchester Trirhenum<\/a><\/p>\n<hr \/>\n<p>&nbsp;<\/p>\n<p>[\/et_pb_text][et_pb_image src=&#8221;https:\/\/alinedupasquier.info\/wp-content\/uploads\/2015\/03\/bg-pattern.png&#8221; show_bottom_space=&#8221;off&#8221; admin_label=&#8221;Image&#8221; _builder_version=&#8221;3.19.14&#8243; animation=&#8221;off&#8221; sticky=&#8221;on&#8221; disabled_on=&#8221;on|on|off&#8221;] [\/et_pb_image][\/et_pb_column][et_pb_column type=&#8221;2_3&#8243; specialty_columns=&#8221;2&#8243; _builder_version=&#8221;3.0.47&#8243;][et_pb_row_inner admin_label=&#8221;row_inner&#8221; _builder_version=&#8221;3.0.47&#8243;][et_pb_column_inner type=&#8221;4_4&#8243; saved_specialty_column_type=&#8221;2_3&#8243; _builder_version=&#8221;3.0.47&#8243;][et_pb_text admin_label=&#8221;Brahms-Tzigane&#8221; _builder_version=&#8221;3.0.74&#8243; background_size=&#8221;initial&#8221; background_position=&#8221;top_left&#8221; background_repeat=&#8221;repeat&#8221;]<\/p>\n<h3><em>CD \u00bbBrahms-Tzigane\u00ab:<br \/>\n<\/em><\/h3>\n<h3>\u00a0<em><a href=\"https:\/\/alinedupasquier.info\/cd-brahms-tzigane\/\" rel=\"attachment wp-att-1123\"><img decoding=\"async\" class=\"wp-image-1123 alignnone\" src=\"https:\/\/alinedupasquier.info\/wp-content\/uploads\/2015\/03\/Brahms-Umschlag-8.9.15-1024x914.jpg\" alt=\"*Brahms-Umschlag-8.9.15\" width=\"273\" height=\"244\" srcset=\"https:\/\/alinedupasquier.info\/wp-content\/uploads\/2015\/03\/Brahms-Umschlag-8.9.15-1024x914.jpg 1024w, https:\/\/alinedupasquier.info\/wp-content\/uploads\/2015\/03\/Brahms-Umschlag-8.9.15-300x268.jpg 300w, https:\/\/alinedupasquier.info\/wp-content\/uploads\/2015\/03\/Brahms-Umschlag-8.9.15-1080x964.jpg 1080w\" sizes=\"(max-width: 273px) 100vw, 273px\" \/><\/a><\/em><\/h3>\n<p>[\/et_pb_text][\/et_pb_column_inner][\/et_pb_row_inner][et_pb_row_inner admin_label=&#8221;row_inner&#8221; _builder_version=&#8221;3.0.47&#8243;][et_pb_column_inner type=&#8221;4_4&#8243; saved_specialty_column_type=&#8221;2_3&#8243; _builder_version=&#8221;3.0.47&#8243;][et_pb_text admin_label=&#8221;Text&#8221; _builder_version=&#8221;3.0.74&#8243; background_size=&#8221;initial&#8221; background_position=&#8221;top_left&#8221; background_repeat=&#8221;repeat&#8221;]<\/p>\n<h3><span style=\"color: #333333;\"><em>Some Audio and Video Samples from live Performances:<\/em><\/span><\/h3>\n<p>[\/et_pb_text][et_pb_video src=&#8221;https:\/\/youtu.be\/EvA1jRkEic0&#8243; admin_label=&#8221;Video&#8221; _builder_version=&#8221;3.0.47&#8243;] [\/et_pb_video][et_pb_video src=&#8221;https:\/\/youtu.be\/8sV1PMpasfo&#8221; admin_label=&#8221;Video&#8221; _builder_version=&#8221;3.0.47&#8243;] [\/et_pb_video][et_pb_video src=&#8221;https:\/\/youtu.be\/uqEu48GzEA8&#8243; admin_label=&#8221;Video Feinslieb&#8221; _builder_version=&#8221;3.0.47&#8243;] [\/et_pb_video][et_pb_video src=&#8221;https:\/\/youtu.be\/h7_IaAY9smE&#8221; admin_label=&#8221;Video he Zigeuner&#8221; _builder_version=&#8221;3.0.47&#8243;] [\/et_pb_video][\/et_pb_column_inner][\/et_pb_row_inner][et_pb_row_inner admin_label=&#8221;row_inner&#8221; _builder_version=&#8221;3.0.47&#8243;][et_pb_column_inner type=&#8221;1_2&#8243; saved_specialty_column_type=&#8221;2_3&#8243; _builder_version=&#8221;3.0.47&#8243;][et_pb_audio audio=&#8221;https:\/\/alinedupasquier.info\/wp-content\/uploads\/2015\/03\/zerfliesse_mein_herze_neu.mp3&#8243; title=&#8221;Zerflie\u00dfe mein Herze&#8221; album_name=&#8221;from St. John\u2019s Passion by J. S. Bach, with the Camerata Basel, Angelika Hirsch&#8221; admin_label=&#8221;\u201cZerflie\u00dfe mein Herze\u201d&#8221; _builder_version=&#8221;3.0.47&#8243; background_color=&#8221;#fffda8&#8243; background_size=&#8221;initial&#8221; background_position=&#8221;top_left&#8221; background_repeat=&#8221;repeat&#8221; background_layout=&#8221;light&#8221;] [\/et_pb_audio][et_pb_audio audio=&#8221;https:\/\/alinedupasquier.info\/wp-content\/uploads\/2015\/03\/pastourelle.mp3&#8243; title=&#8221;Pastourelle&#8221; album_name=&#8221;Chants d\u2019Auvergne by J. Canteloube, Sinfonieorchester Trirhenum, Julian Gibbons&#8221; admin_label=&#8221;Pastourelle&#8221; _builder_version=&#8221;3.0.47&#8243; background_color=&#8221;#ceffd9&#8243; background_size=&#8221;initial&#8221; background_position=&#8221;top_left&#8221; background_repeat=&#8221;repeat&#8221; background_layout=&#8221;light&#8221;] [\/et_pb_audio][et_pb_audio audio=&#8221;https:\/\/alinedupasquier.info\/wp-content\/uploads\/2015\/03\/magnificat_quia_respexit.mp3&#8243; title=&#8221;Quia respexit&#8221; album_name=&#8221;Magnificat by J.S. Bach, BWV 234, Capriccio Basel, Angelika Hirsch&#8221; admin_label=&#8221;\u201cQuia respexit\u201d&#8221; _builder_version=&#8221;3.0.47&#8243; background_color=&#8221;#fcf3b3&#8243; background_size=&#8221;initial&#8221; background_position=&#8221;top_left&#8221; background_repeat=&#8221;repeat&#8221; background_layout=&#8221;light&#8221;] [\/et_pb_audio][\/et_pb_column_inner][et_pb_column_inner type=&#8221;1_2&#8243; saved_specialty_column_type=&#8221;2_3&#8243; _builder_version=&#8221;3.0.47&#8243;][et_pb_audio audio=&#8221;https:\/\/alinedupasquier.info\/wp-content\/uploads\/2015\/03\/lo_fiolaire.mp3&#8243; title=&#8221;Lo fiolaire&#8221; album_name=&#8221; Chants d\u2019Auvergne by J. Canteloube, Sinfonieorchester Trirhenum, Julian Gibbons&#8221; admin_label=&#8221;Lo Fiolaire&#8221; _builder_version=&#8221;3.0.47&#8243; background_color=&#8221;#cef9bb&#8221; background_size=&#8221;initial&#8221; background_position=&#8221;top_left&#8221; background_repeat=&#8221;repeat&#8221; background_layout=&#8221;light&#8221;] [\/et_pb_audio][et_pb_audio audio=&#8221;https:\/\/alinedupasquier.info\/wp-content\/uploads\/2015\/03\/dignare_domine.mp3&#8243; title=&#8221;Dignare Domine&#8221; album_name=&#8221; Te Deum by A. Dvo\u0159\u00e1k, Sebastian Goll, Bass, Projektchor Rheinfelden, Capriccio Basel, Angelika Hirsch&#8221; admin_label=&#8221;\u201cDignare Domine\u201d&#8221; _builder_version=&#8221;3.0.47&#8243; background_color=&#8221;#f7ecb2&#8243; background_size=&#8221;initial&#8221; background_position=&#8221;top_left&#8221; background_repeat=&#8221;repeat&#8221; background_layout=&#8221;light&#8221;] [\/et_pb_audio][et_pb_audio audio=&#8221;https:\/\/alinedupasquier.info\/wp-content\/uploads\/2015\/03\/11-Boze-Boze.mp3&#8243; title=&#8221;Bo\u017ee, Bo\u017ee &#8221; album_name=&#8221;from \u201dBiblical Songs\u201d op. 99 by A. Dvo\u0159\u00e1k; Thomas Lindner, Organ&#8221; admin_label=&#8221;Bo\u017ee, Bo\u017ee&#8221; _builder_version=&#8221;3.0.47&#8243; background_color=&#8221;#c9ffee&#8221; background_size=&#8221;initial&#8221; background_position=&#8221;top_left&#8221; background_repeat=&#8221;repeat&#8221; background_layout=&#8221;light&#8221;] [\/et_pb_audio][\/et_pb_column_inner][\/et_pb_row_inner][\/et_pb_column][\/et_pb_section][et_pb_section fb_built=&#8221;1&#8243; admin_label=&#8221;section&#8221; _builder_version=&#8221;3.0.47&#8243;][et_pb_row admin_label=&#8221;row&#8221; _builder_version=&#8221;3.0.47&#8243; background_size=&#8221;initial&#8221; background_position=&#8221;top_left&#8221; background_repeat=&#8221;repeat&#8221;][et_pb_column type=&#8221;4_4&#8243; _builder_version=&#8221;3.0.47&#8243;][et_pb_text admin_label=&#8221;Text&#8221; _builder_version=&#8221;3.0.74&#8243; background_size=&#8221;initial&#8221; background_position=&#8221;top_left&#8221; background_repeat=&#8221;repeat&#8221;]<\/p>\n<hr \/>\n<h2 style=\"text-align: center;\"><span style=\"color: #354d01;\"><em>\u00bbAfter silence, that which comes nearest to express the inexpressible, is music.\u00ab<\/em><\/span><\/h2>\n<p style=\"text-align: center;\"><span style=\"color: #354d01;\">\u2013 Aldous Huxley<\/span><\/p>\n<hr \/>\n<div class=\"bq-aut\"><\/div>\n<p>[\/et_pb_text][\/et_pb_column][\/et_pb_row][\/et_pb_section]<\/p>\n","protected":false},"excerpt":{"rendered":"<p>Links: Projektchor Rheinfelden Sinfonieorchester Trirhenum &nbsp; CD \u00bbBrahms-Tzigane\u00ab: \u00a0Some Audio and Video Samples from live Performances: \u00bbAfter silence, that which comes nearest to express the inexpressible, is music.\u00ab \u2013 Aldous Huxley<\/p>\n","protected":false},"author":1,"featured_media":0,"parent":0,"menu_order":0,"comment_status":"closed","ping_status":"closed","template":"","meta":{"_et_pb_use_builder":"on","_et_pb_old_content":"","_et_gb_content_width":"","_exactmetrics_skip_tracking":false,"_exactmetrics_sitenote_active":false,"_exactmetrics_sitenote_note":"","_exactmetrics_sitenote_category":0,"footnotes":""},"class_list":["post-55","page","type-page","status-publish","hentry"],"yoast_head":"<!-- This site is optimized with the Yoast SEO plugin v27.4 - https:\/\/yoast.com\/product\/yoast-seo-wordpress\/ -->\n<title>Media Samples - Aline Du Pasquier \u2022 soprano<\/title>\n<meta name=\"robots\" content=\"index, follow, max-snippet:-1, max-image-preview:large, max-video-preview:-1\" \/>\n<link rel=\"canonical\" href=\"https:\/\/alinedupasquier.info\/en\/media-samples\/\" \/>\n<meta property=\"og:locale\" content=\"en_US\" \/>\n<meta property=\"og:type\" content=\"article\" \/>\n<meta property=\"og:title\" content=\"Media Samples - Aline Du Pasquier \u2022 soprano\" \/>\n<meta property=\"og:description\" content=\"Links: Projektchor Rheinfelden Sinfonieorchester Trirhenum &nbsp; CD \u00bbBrahms-Tzigane\u00ab: \u00a0Some Audio and Video Samples from live Performances: \u00bbAfter silence, that which comes nearest to express the inexpressible, is music.\u00ab \u2013 Aldous Huxley\" \/>\n<meta property=\"og:url\" content=\"https:\/\/alinedupasquier.info\/en\/media-samples\/\" \/>\n<meta property=\"og:site_name\" content=\"Aline Du Pasquier \u2022 soprano\" \/>\n<meta property=\"article:modified_time\" content=\"2019-02-27T03:31:00+00:00\" \/>\n<meta property=\"og:image\" content=\"https:\/\/alinedupasquier.info\/wp-content\/uploads\/2015\/03\/Brahms-Umschlag-8.9.15-1024x914.jpg\" \/>\n<meta name=\"twitter:card\" content=\"summary_large_image\" \/>\n<meta name=\"twitter:label1\" content=\"Est. reading time\" \/>\n\t<meta name=\"twitter:data1\" content=\"4 minutes\" \/>\n<script type=\"application\/ld+json\" class=\"yoast-schema-graph\">{\"@context\":\"https:\\\/\\\/schema.org\",\"@graph\":[{\"@type\":\"WebPage\",\"@id\":\"https:\\\/\\\/alinedupasquier.info\\\/en\\\/media-samples\\\/\",\"url\":\"https:\\\/\\\/alinedupasquier.info\\\/en\\\/media-samples\\\/\",\"name\":\"Media Samples - Aline Du Pasquier \u2022 soprano\",\"isPartOf\":{\"@id\":\"https:\\\/\\\/alinedupasquier.info\\\/en\\\/#website\"},\"primaryImageOfPage\":{\"@id\":\"https:\\\/\\\/alinedupasquier.info\\\/en\\\/media-samples\\\/#primaryimage\"},\"image\":{\"@id\":\"https:\\\/\\\/alinedupasquier.info\\\/en\\\/media-samples\\\/#primaryimage\"},\"thumbnailUrl\":\"https:\\\/\\\/alinedupasquier.info\\\/wp-content\\\/uploads\\\/2015\\\/03\\\/Brahms-Umschlag-8.9.15-1024x914.jpg\",\"datePublished\":\"2015-03-02T01:26:22+00:00\",\"dateModified\":\"2019-02-27T03:31:00+00:00\",\"breadcrumb\":{\"@id\":\"https:\\\/\\\/alinedupasquier.info\\\/en\\\/media-samples\\\/#breadcrumb\"},\"inLanguage\":\"en-US\",\"potentialAction\":[{\"@type\":\"ReadAction\",\"target\":[\"https:\\\/\\\/alinedupasquier.info\\\/en\\\/media-samples\\\/\"]}]},{\"@type\":\"ImageObject\",\"inLanguage\":\"en-US\",\"@id\":\"https:\\\/\\\/alinedupasquier.info\\\/en\\\/media-samples\\\/#primaryimage\",\"url\":\"https:\\\/\\\/alinedupasquier.info\\\/wp-content\\\/uploads\\\/2015\\\/03\\\/Brahms-Umschlag-8.9.15-1024x914.jpg\",\"contentUrl\":\"https:\\\/\\\/alinedupasquier.info\\\/wp-content\\\/uploads\\\/2015\\\/03\\\/Brahms-Umschlag-8.9.15-1024x914.jpg\"},{\"@type\":\"BreadcrumbList\",\"@id\":\"https:\\\/\\\/alinedupasquier.info\\\/en\\\/media-samples\\\/#breadcrumb\",\"itemListElement\":[{\"@type\":\"ListItem\",\"position\":1,\"name\":\"Startseite\",\"item\":\"https:\\\/\\\/alinedupasquier.info\\\/en\\\/\"},{\"@type\":\"ListItem\",\"position\":2,\"name\":\"Media Samples\"}]},{\"@type\":\"WebSite\",\"@id\":\"https:\\\/\\\/alinedupasquier.info\\\/en\\\/#website\",\"url\":\"https:\\\/\\\/alinedupasquier.info\\\/en\\\/\",\"name\":\"Aline Du Pasquier \u2022 soprano\",\"description\":\"Soprano Aline Du Pasquier\u2019s Official Website\",\"publisher\":{\"@id\":\"https:\\\/\\\/alinedupasquier.info\\\/en\\\/#\\\/schema\\\/person\\\/d4f0e1e57034da64a5601c8fd4702c92\"},\"potentialAction\":[{\"@type\":\"SearchAction\",\"target\":{\"@type\":\"EntryPoint\",\"urlTemplate\":\"https:\\\/\\\/alinedupasquier.info\\\/en\\\/?s={search_term_string}\"},\"query-input\":{\"@type\":\"PropertyValueSpecification\",\"valueRequired\":true,\"valueName\":\"search_term_string\"}}],\"inLanguage\":\"en-US\"},{\"@type\":[\"Person\",\"Organization\"],\"@id\":\"https:\\\/\\\/alinedupasquier.info\\\/en\\\/#\\\/schema\\\/person\\\/d4f0e1e57034da64a5601c8fd4702c92\",\"name\":\"Aline Du Pasquier\",\"image\":{\"@type\":\"ImageObject\",\"inLanguage\":\"en-US\",\"@id\":\"https:\\\/\\\/secure.gravatar.com\\\/avatar\\\/048959dd99598e7c7d82135ad22edaeb60d29e3e7bcb8c19ec9a7076eafa884d?s=96&d=mm&r=g\",\"url\":\"https:\\\/\\\/secure.gravatar.com\\\/avatar\\\/048959dd99598e7c7d82135ad22edaeb60d29e3e7bcb8c19ec9a7076eafa884d?s=96&d=mm&r=g\",\"contentUrl\":\"https:\\\/\\\/secure.gravatar.com\\\/avatar\\\/048959dd99598e7c7d82135ad22edaeb60d29e3e7bcb8c19ec9a7076eafa884d?s=96&d=mm&r=g\",\"caption\":\"Aline Du Pasquier\"},\"logo\":{\"@id\":\"https:\\\/\\\/secure.gravatar.com\\\/avatar\\\/048959dd99598e7c7d82135ad22edaeb60d29e3e7bcb8c19ec9a7076eafa884d?s=96&d=mm&r=g\"},\"sameAs\":[\"https:\\\/\\\/alinedupasquier.info\"]}]}<\/script>\n<!-- \/ Yoast SEO plugin. -->","yoast_head_json":{"title":"Media Samples - Aline Du Pasquier \u2022 soprano","robots":{"index":"index","follow":"follow","max-snippet":"max-snippet:-1","max-image-preview":"max-image-preview:large","max-video-preview":"max-video-preview:-1"},"canonical":"https:\/\/alinedupasquier.info\/en\/media-samples\/","og_locale":"en_US","og_type":"article","og_title":"Media Samples - Aline Du Pasquier \u2022 soprano","og_description":"Links: Projektchor Rheinfelden Sinfonieorchester Trirhenum &nbsp; CD \u00bbBrahms-Tzigane\u00ab: \u00a0Some Audio and Video Samples from live Performances: \u00bbAfter silence, that which comes nearest to express the inexpressible, is music.\u00ab \u2013 Aldous Huxley","og_url":"https:\/\/alinedupasquier.info\/en\/media-samples\/","og_site_name":"Aline Du Pasquier \u2022 soprano","article_modified_time":"2019-02-27T03:31:00+00:00","og_image":[{"url":"https:\/\/alinedupasquier.info\/wp-content\/uploads\/2015\/03\/Brahms-Umschlag-8.9.15-1024x914.jpg","type":"","width":"","height":""}],"twitter_card":"summary_large_image","twitter_misc":{"Est. reading time":"4 minutes"},"schema":{"@context":"https:\/\/schema.org","@graph":[{"@type":"WebPage","@id":"https:\/\/alinedupasquier.info\/en\/media-samples\/","url":"https:\/\/alinedupasquier.info\/en\/media-samples\/","name":"Media Samples - Aline Du Pasquier \u2022 soprano","isPartOf":{"@id":"https:\/\/alinedupasquier.info\/en\/#website"},"primaryImageOfPage":{"@id":"https:\/\/alinedupasquier.info\/en\/media-samples\/#primaryimage"},"image":{"@id":"https:\/\/alinedupasquier.info\/en\/media-samples\/#primaryimage"},"thumbnailUrl":"https:\/\/alinedupasquier.info\/wp-content\/uploads\/2015\/03\/Brahms-Umschlag-8.9.15-1024x914.jpg","datePublished":"2015-03-02T01:26:22+00:00","dateModified":"2019-02-27T03:31:00+00:00","breadcrumb":{"@id":"https:\/\/alinedupasquier.info\/en\/media-samples\/#breadcrumb"},"inLanguage":"en-US","potentialAction":[{"@type":"ReadAction","target":["https:\/\/alinedupasquier.info\/en\/media-samples\/"]}]},{"@type":"ImageObject","inLanguage":"en-US","@id":"https:\/\/alinedupasquier.info\/en\/media-samples\/#primaryimage","url":"https:\/\/alinedupasquier.info\/wp-content\/uploads\/2015\/03\/Brahms-Umschlag-8.9.15-1024x914.jpg","contentUrl":"https:\/\/alinedupasquier.info\/wp-content\/uploads\/2015\/03\/Brahms-Umschlag-8.9.15-1024x914.jpg"},{"@type":"BreadcrumbList","@id":"https:\/\/alinedupasquier.info\/en\/media-samples\/#breadcrumb","itemListElement":[{"@type":"ListItem","position":1,"name":"Startseite","item":"https:\/\/alinedupasquier.info\/en\/"},{"@type":"ListItem","position":2,"name":"Media Samples"}]},{"@type":"WebSite","@id":"https:\/\/alinedupasquier.info\/en\/#website","url":"https:\/\/alinedupasquier.info\/en\/","name":"Aline Du Pasquier \u2022 soprano","description":"Soprano Aline Du Pasquier\u2019s Official Website","publisher":{"@id":"https:\/\/alinedupasquier.info\/en\/#\/schema\/person\/d4f0e1e57034da64a5601c8fd4702c92"},"potentialAction":[{"@type":"SearchAction","target":{"@type":"EntryPoint","urlTemplate":"https:\/\/alinedupasquier.info\/en\/?s={search_term_string}"},"query-input":{"@type":"PropertyValueSpecification","valueRequired":true,"valueName":"search_term_string"}}],"inLanguage":"en-US"},{"@type":["Person","Organization"],"@id":"https:\/\/alinedupasquier.info\/en\/#\/schema\/person\/d4f0e1e57034da64a5601c8fd4702c92","name":"Aline Du Pasquier","image":{"@type":"ImageObject","inLanguage":"en-US","@id":"https:\/\/secure.gravatar.com\/avatar\/048959dd99598e7c7d82135ad22edaeb60d29e3e7bcb8c19ec9a7076eafa884d?s=96&d=mm&r=g","url":"https:\/\/secure.gravatar.com\/avatar\/048959dd99598e7c7d82135ad22edaeb60d29e3e7bcb8c19ec9a7076eafa884d?s=96&d=mm&r=g","contentUrl":"https:\/\/secure.gravatar.com\/avatar\/048959dd99598e7c7d82135ad22edaeb60d29e3e7bcb8c19ec9a7076eafa884d?s=96&d=mm&r=g","caption":"Aline Du Pasquier"},"logo":{"@id":"https:\/\/secure.gravatar.com\/avatar\/048959dd99598e7c7d82135ad22edaeb60d29e3e7bcb8c19ec9a7076eafa884d?s=96&d=mm&r=g"},"sameAs":["https:\/\/alinedupasquier.info"]}]}},"_links":{"self":[{"href":"https:\/\/alinedupasquier.info\/en\/wp-json\/wp\/v2\/pages\/55","targetHints":{"allow":["GET"]}}],"collection":[{"href":"https:\/\/alinedupasquier.info\/en\/wp-json\/wp\/v2\/pages"}],"about":[{"href":"https:\/\/alinedupasquier.info\/en\/wp-json\/wp\/v2\/types\/page"}],"author":[{"embeddable":true,"href":"https:\/\/alinedupasquier.info\/en\/wp-json\/wp\/v2\/users\/1"}],"replies":[{"embeddable":true,"href":"https:\/\/alinedupasquier.info\/en\/wp-json\/wp\/v2\/comments?post=55"}],"version-history":[{"count":2,"href":"https:\/\/alinedupasquier.info\/en\/wp-json\/wp\/v2\/pages\/55\/revisions"}],"predecessor-version":[{"id":2572,"href":"https:\/\/alinedupasquier.info\/en\/wp-json\/wp\/v2\/pages\/55\/revisions\/2572"}],"wp:attachment":[{"href":"https:\/\/alinedupasquier.info\/en\/wp-json\/wp\/v2\/media?parent=55"}],"curies":[{"name":"wp","href":"https:\/\/api.w.org\/{rel}","templated":true}]}}