{"id":155,"date":"2015-03-20T15:47:02","date_gmt":"2015-03-20T15:47:02","guid":{"rendered":"http:\/\/dev.alinedupasquier.info\/?page_id=155"},"modified":"2019-02-27T04:26:52","modified_gmt":"2019-02-27T03:26:52","slug":"presse-photos","status":"publish","type":"page","link":"https:\/\/alinedupasquier.info\/fr\/presse-photos\/","title":{"rendered":"Presse \u2767 Photos"},"content":{"rendered":"<p>[et_pb_section fb_built=\u00a0\u00bb1&Prime; admin_label=\u00a0\u00bbsection\u00a0\u00bb _builder_version=\u00a0\u00bb3.0.47&Prime;][et_pb_row admin_label=\u00a0\u00bbrow\u00a0\u00bb _builder_version=\u00a0\u00bb3.0.48&Prime; background_size=\u00a0\u00bbinitial\u00a0\u00bb background_position=\u00a0\u00bbtop_left\u00a0\u00bb background_repeat=\u00a0\u00bbrepeat\u00a0\u00bb][et_pb_column type=\u00a0\u00bb1_4&Prime; _builder_version=\u00a0\u00bb3.0.47&Prime;][et_pb_sidebar area=\u00a0\u00bbsidebar-1&Prime; admin_label=\u00a0\u00bbSidebar\u00a0\u00bb _builder_version=\u00a0\u00bb3.0.74&Prime;] [\/et_pb_sidebar][et_pb_image src=\u00a0\u00bbhttps:\/\/alinedupasquier.info\/wp-content\/uploads\/2015\/03\/bg-pattern.png\u00a0\u00bb admin_label=\u00a0\u00bbImage\u00a0\u00bb _builder_version=\u00a0\u00bb3.19.14&Prime; animation=\u00a0\u00bboff\u00a0\u00bb sticky=\u00a0\u00bboff\u00a0\u00bb disabled_on=\u00a0\u00bbon|on|off\u00a0\u00bb] [\/et_pb_image][\/et_pb_column][et_pb_column type=\u00a0\u00bb1_2&Prime; _builder_version=\u00a0\u00bb3.0.47&Prime;][et_pb_text admin_label=\u00a0\u00bbTitel\u00a0\u00bb _builder_version=\u00a0\u00bb3.0.74&Prime; background_size=\u00a0\u00bbinitial\u00a0\u00bb background_position=\u00a0\u00bbtop_left\u00a0\u00bb background_repeat=\u00a0\u00bbrepeat\u00a0\u00bb]<\/p>\n<h1><span style=\"color: #333333;\">Revue de Presse<\/span><\/h1>\n<p>[\/et_pb_text][et_pb_testimonial company_name=\u00a0\u00bbFricktaler Zeitung\u00a0\u00bb admin_label=\u00a0\u00bbFricktaler Zeitung\u00a0\u00bb _builder_version=\u00a0\u00bb3.2&Prime; background_color=\u00a0\u00bb#f4fce8&Prime; background_size=\u00a0\u00bbinitial\u00a0\u00bb background_position=\u00a0\u00bbtop_left\u00a0\u00bb background_repeat=\u00a0\u00bbrepeat\u00a0\u00bb]D\u00e8s la premi\u00e8re entr\u00e9e des solistes nous f\u00fbmes saisis par la perfection de la combinaison des voix. Elle devait nous procurer un grand bonheur durant tout le concert:<br \/>\nLe soprano chaleureux et rayonnant d\u2019Aline Du Pasquier se combinait \u00e0 merveille avec le mezzo agr\u00e9ablement clair de Christina Metz ( \u2026 )<br \/>\nIci aussi les quatre solistes ont atteint un niveau exceptionnel, tant vocalement que musicalement: Aline Du Pasquier nous a touch\u00e9s avec son chant inspir\u00e9, toujours proche du texte, et par sa voix dor\u00e9e, qui donnait aux ensembles un \u00e9clat particulier.<br \/>\n[\/et_pb_testimonial][et_pb_testimonial company_name=\u00a0\u00bbBadische Zeitung\u00a0\u00bb admin_label=\u00a0\u00bbBaZ\u00a0\u00bb _builder_version=\u00a0\u00bb3.2&Prime; background_color=\u00a0\u00bb#f4fce8&Prime; background_size=\u00a0\u00bbinitial\u00a0\u00bb background_position=\u00a0\u00bbtop_left\u00a0\u00bb background_repeat=\u00a0\u00bbrepeat\u00a0\u00bb]Sa voix pleine et douce est aussi lumineuse et flexible tout en \u00e9tant \u00e9quilibr\u00e9e dans les r\u00e9gistres et s\u00fbre dans le phras\u00e9\u2026<br \/>\n[\/et_pb_testimonial][et_pb_testimonial company_name=\u00a0\u00bbAargauer Zeitung\u00a0\u00bb admin_label=\u00a0\u00bbAargauer Zeitung\u00a0\u00bb _builder_version=\u00a0\u00bb3.2&Prime; background_color=\u00a0\u00bb#f4fce8&Prime; background_size=\u00a0\u00bbinitial\u00a0\u00bb background_position=\u00a0\u00bbtop_left\u00a0\u00bb background_repeat=\u00a0\u00bbrepeat\u00a0\u00bb]A remarquer ici les solistes qui donn\u00e8rent un brillant particulier \u00e0 la soir\u00e9e. Le duo pour voix de femmes (Mendelssohn) chant\u00e9 par Aline Du Pasquier, soprano et Roswitha M\u00fcller, alto, fit tout simplement passer des frissons. Les deux voix se m\u00ealaient si bien qu\u2019elles cr\u00e9aient une harmonie comme on en entend rarement. Les deux cantatrices enthousiasm\u00e8rent aussi le public dans leurs soli.<br \/>\n[\/et_pb_testimonial][et_pb_testimonial company_name=\u00a0\u00bbMusique et tradition, Paris\u00a0\u00bb admin_label=\u00a0\u00bbMusique et tradition, Paris\u00a0\u00bb _builder_version=\u00a0\u00bb3.2&Prime; background_color=\u00a0\u00bb#f4fce8&Prime; background_size=\u00a0\u00bbinitial\u00a0\u00bb background_position=\u00a0\u00bbtop_left\u00a0\u00bb background_repeat=\u00a0\u00bbrepeat\u00a0\u00bb]Aline Du Pasquier, un rossignol que l\u2019on ne demande qu\u2019\u00e0 r\u00e9entendre. Quel gracieux Cherubino!<br \/>\n[\/et_pb_testimonial][\/et_pb_column][et_pb_column type=\u00a0\u00bb1_4&Prime; _builder_version=\u00a0\u00bb3.0.47&Prime;][et_pb_text admin_label=\u00a0\u00bbTitel\u00a0\u00bb _builder_version=\u00a0\u00bb3.0.74&Prime; background_size=\u00a0\u00bbinitial\u00a0\u00bb background_position=\u00a0\u00bbtop_left\u00a0\u00bb background_repeat=\u00a0\u00bbrepeat\u00a0\u00bb]<\/p>\n<h4><span style=\"color: #333333;\"><em>Images haute r\u00e9solution \u00e0 t\u00e9l\u00e9charger<\/em><\/span><\/h4>\n<p>[\/et_pb_text][et_pb_gallery gallery_ids=\u00a0\u00bb1870,1868,1866,1838,1913,1956&Prime; posts_number=\u00a0\u00bb6&Prime; show_title_and_caption=\u00a0\u00bboff\u00a0\u00bb show_pagination=\u00a0\u00bboff\u00a0\u00bb admin_label=\u00a0\u00bbImage Gallery\u00a0\u00bb _builder_version=\u00a0\u00bb3.0.87&Prime; use_border_color=\u00a0\u00bboff\u00a0\u00bb border_color=\u00a0\u00bb#ffffff\u00a0\u00bb border_style=\u00a0\u00bbsolid\u00a0\u00bb] [\/et_pb_gallery][\/et_pb_column][\/et_pb_row][\/et_pb_section]<\/p>\n","protected":false},"excerpt":{"rendered":"<p>Revue de Presse D\u00e8s la premi\u00e8re entr\u00e9e des solistes nous f\u00fbmes saisis par la perfection de la combinaison des voix. Elle devait nous procurer un grand bonheur durant tout le concert: Le soprano chaleureux et rayonnant d\u2019Aline Du Pasquier se combinait \u00e0 merveille avec le mezzo agr\u00e9ablement clair de Christina Metz ( \u2026 ) Ici [&hellip;]<\/p>\n","protected":false},"author":1,"featured_media":0,"parent":0,"menu_order":0,"comment_status":"closed","ping_status":"closed","template":"","meta":{"_et_pb_use_builder":"on","_et_pb_old_content":"","_et_gb_content_width":"","_exactmetrics_skip_tracking":false,"_exactmetrics_sitenote_active":false,"_exactmetrics_sitenote_note":"","_exactmetrics_sitenote_category":0,"footnotes":""},"class_list":["post-155","page","type-page","status-publish","hentry"],"yoast_head":"<!-- This site is optimized with the Yoast SEO plugin v27.4 - https:\/\/yoast.com\/product\/yoast-seo-wordpress\/ -->\n<title>Presse \u2767 Photos - Aline Du Pasquier<\/title>\n<meta name=\"robots\" content=\"index, follow, max-snippet:-1, max-image-preview:large, max-video-preview:-1\" \/>\n<link rel=\"canonical\" href=\"https:\/\/alinedupasquier.info\/fr\/presse-photos\/\" \/>\n<meta property=\"og:locale\" content=\"fr_FR\" \/>\n<meta property=\"og:type\" content=\"article\" \/>\n<meta property=\"og:title\" content=\"Presse \u2767 Photos - Aline Du Pasquier\" \/>\n<meta property=\"og:description\" content=\"Revue de Presse D\u00e8s la premi\u00e8re entr\u00e9e des solistes nous f\u00fbmes saisis par la perfection de la combinaison des voix. Elle devait nous procurer un grand bonheur durant tout le concert: Le soprano chaleureux et rayonnant d\u2019Aline Du Pasquier se combinait \u00e0 merveille avec le mezzo agr\u00e9ablement clair de Christina Metz ( \u2026 ) Ici [&hellip;]\" \/>\n<meta property=\"og:url\" content=\"https:\/\/alinedupasquier.info\/fr\/presse-photos\/\" \/>\n<meta property=\"og:site_name\" content=\"Aline Du Pasquier\" \/>\n<meta property=\"article:modified_time\" content=\"2019-02-27T03:26:52+00:00\" \/>\n<meta name=\"twitter:card\" content=\"summary_large_image\" \/>\n<meta name=\"twitter:label1\" content=\"Dur\u00e9e de lecture estim\u00e9e\" \/>\n\t<meta name=\"twitter:data1\" content=\"3 minutes\" \/>\n<script type=\"application\/ld+json\" class=\"yoast-schema-graph\">{\"@context\":\"https:\\\/\\\/schema.org\",\"@graph\":[{\"@type\":\"WebPage\",\"@id\":\"https:\\\/\\\/alinedupasquier.info\\\/fr\\\/presse-photos\\\/\",\"url\":\"https:\\\/\\\/alinedupasquier.info\\\/fr\\\/presse-photos\\\/\",\"name\":\"Presse \u2767 Photos - Aline Du Pasquier\",\"isPartOf\":{\"@id\":\"https:\\\/\\\/alinedupasquier.info\\\/en\\\/#website\"},\"datePublished\":\"2015-03-20T15:47:02+00:00\",\"dateModified\":\"2019-02-27T03:26:52+00:00\",\"breadcrumb\":{\"@id\":\"https:\\\/\\\/alinedupasquier.info\\\/fr\\\/presse-photos\\\/#breadcrumb\"},\"inLanguage\":\"fr-FR\",\"potentialAction\":[{\"@type\":\"ReadAction\",\"target\":[\"https:\\\/\\\/alinedupasquier.info\\\/fr\\\/presse-photos\\\/\"]}]},{\"@type\":\"BreadcrumbList\",\"@id\":\"https:\\\/\\\/alinedupasquier.info\\\/fr\\\/presse-photos\\\/#breadcrumb\",\"itemListElement\":[{\"@type\":\"ListItem\",\"position\":1,\"name\":\"Startseite\",\"item\":\"https:\\\/\\\/alinedupasquier.info\\\/fr\\\/\"},{\"@type\":\"ListItem\",\"position\":2,\"name\":\"Presse \u2767 Photos\"}]},{\"@type\":\"WebSite\",\"@id\":\"https:\\\/\\\/alinedupasquier.info\\\/en\\\/#website\",\"url\":\"https:\\\/\\\/alinedupasquier.info\\\/en\\\/\",\"name\":\"Aline Du Pasquier \u2022 soprano\",\"description\":\"soprano\",\"publisher\":{\"@id\":\"https:\\\/\\\/alinedupasquier.info\\\/en\\\/#\\\/schema\\\/person\\\/d4f0e1e57034da64a5601c8fd4702c92\"},\"potentialAction\":[{\"@type\":\"SearchAction\",\"target\":{\"@type\":\"EntryPoint\",\"urlTemplate\":\"https:\\\/\\\/alinedupasquier.info\\\/en\\\/?s={search_term_string}\"},\"query-input\":{\"@type\":\"PropertyValueSpecification\",\"valueRequired\":true,\"valueName\":\"search_term_string\"}}],\"inLanguage\":\"fr-FR\"},{\"@type\":[\"Person\",\"Organization\"],\"@id\":\"https:\\\/\\\/alinedupasquier.info\\\/en\\\/#\\\/schema\\\/person\\\/d4f0e1e57034da64a5601c8fd4702c92\",\"name\":\"Aline Du Pasquier\",\"image\":{\"@type\":\"ImageObject\",\"inLanguage\":\"fr-FR\",\"@id\":\"https:\\\/\\\/secure.gravatar.com\\\/avatar\\\/048959dd99598e7c7d82135ad22edaeb60d29e3e7bcb8c19ec9a7076eafa884d?s=96&d=mm&r=g\",\"url\":\"https:\\\/\\\/secure.gravatar.com\\\/avatar\\\/048959dd99598e7c7d82135ad22edaeb60d29e3e7bcb8c19ec9a7076eafa884d?s=96&d=mm&r=g\",\"contentUrl\":\"https:\\\/\\\/secure.gravatar.com\\\/avatar\\\/048959dd99598e7c7d82135ad22edaeb60d29e3e7bcb8c19ec9a7076eafa884d?s=96&d=mm&r=g\",\"caption\":\"Aline Du Pasquier\"},\"logo\":{\"@id\":\"https:\\\/\\\/secure.gravatar.com\\\/avatar\\\/048959dd99598e7c7d82135ad22edaeb60d29e3e7bcb8c19ec9a7076eafa884d?s=96&d=mm&r=g\"},\"sameAs\":[\"https:\\\/\\\/alinedupasquier.info\"]}]}<\/script>\n<!-- \/ Yoast SEO plugin. -->","yoast_head_json":{"title":"Presse \u2767 Photos - Aline Du Pasquier","robots":{"index":"index","follow":"follow","max-snippet":"max-snippet:-1","max-image-preview":"max-image-preview:large","max-video-preview":"max-video-preview:-1"},"canonical":"https:\/\/alinedupasquier.info\/fr\/presse-photos\/","og_locale":"fr_FR","og_type":"article","og_title":"Presse \u2767 Photos - Aline Du Pasquier","og_description":"Revue de Presse D\u00e8s la premi\u00e8re entr\u00e9e des solistes nous f\u00fbmes saisis par la perfection de la combinaison des voix. Elle devait nous procurer un grand bonheur durant tout le concert: Le soprano chaleureux et rayonnant d\u2019Aline Du Pasquier se combinait \u00e0 merveille avec le mezzo agr\u00e9ablement clair de Christina Metz ( \u2026 ) Ici [&hellip;]","og_url":"https:\/\/alinedupasquier.info\/fr\/presse-photos\/","og_site_name":"Aline Du Pasquier","article_modified_time":"2019-02-27T03:26:52+00:00","twitter_card":"summary_large_image","twitter_misc":{"Dur\u00e9e de lecture estim\u00e9e":"3 minutes"},"schema":{"@context":"https:\/\/schema.org","@graph":[{"@type":"WebPage","@id":"https:\/\/alinedupasquier.info\/fr\/presse-photos\/","url":"https:\/\/alinedupasquier.info\/fr\/presse-photos\/","name":"Presse \u2767 Photos - Aline Du Pasquier","isPartOf":{"@id":"https:\/\/alinedupasquier.info\/en\/#website"},"datePublished":"2015-03-20T15:47:02+00:00","dateModified":"2019-02-27T03:26:52+00:00","breadcrumb":{"@id":"https:\/\/alinedupasquier.info\/fr\/presse-photos\/#breadcrumb"},"inLanguage":"fr-FR","potentialAction":[{"@type":"ReadAction","target":["https:\/\/alinedupasquier.info\/fr\/presse-photos\/"]}]},{"@type":"BreadcrumbList","@id":"https:\/\/alinedupasquier.info\/fr\/presse-photos\/#breadcrumb","itemListElement":[{"@type":"ListItem","position":1,"name":"Startseite","item":"https:\/\/alinedupasquier.info\/fr\/"},{"@type":"ListItem","position":2,"name":"Presse \u2767 Photos"}]},{"@type":"WebSite","@id":"https:\/\/alinedupasquier.info\/en\/#website","url":"https:\/\/alinedupasquier.info\/en\/","name":"Aline Du Pasquier \u2022 soprano","description":"soprano","publisher":{"@id":"https:\/\/alinedupasquier.info\/en\/#\/schema\/person\/d4f0e1e57034da64a5601c8fd4702c92"},"potentialAction":[{"@type":"SearchAction","target":{"@type":"EntryPoint","urlTemplate":"https:\/\/alinedupasquier.info\/en\/?s={search_term_string}"},"query-input":{"@type":"PropertyValueSpecification","valueRequired":true,"valueName":"search_term_string"}}],"inLanguage":"fr-FR"},{"@type":["Person","Organization"],"@id":"https:\/\/alinedupasquier.info\/en\/#\/schema\/person\/d4f0e1e57034da64a5601c8fd4702c92","name":"Aline Du Pasquier","image":{"@type":"ImageObject","inLanguage":"fr-FR","@id":"https:\/\/secure.gravatar.com\/avatar\/048959dd99598e7c7d82135ad22edaeb60d29e3e7bcb8c19ec9a7076eafa884d?s=96&d=mm&r=g","url":"https:\/\/secure.gravatar.com\/avatar\/048959dd99598e7c7d82135ad22edaeb60d29e3e7bcb8c19ec9a7076eafa884d?s=96&d=mm&r=g","contentUrl":"https:\/\/secure.gravatar.com\/avatar\/048959dd99598e7c7d82135ad22edaeb60d29e3e7bcb8c19ec9a7076eafa884d?s=96&d=mm&r=g","caption":"Aline Du Pasquier"},"logo":{"@id":"https:\/\/secure.gravatar.com\/avatar\/048959dd99598e7c7d82135ad22edaeb60d29e3e7bcb8c19ec9a7076eafa884d?s=96&d=mm&r=g"},"sameAs":["https:\/\/alinedupasquier.info"]}]}},"_links":{"self":[{"href":"https:\/\/alinedupasquier.info\/fr\/wp-json\/wp\/v2\/pages\/155","targetHints":{"allow":["GET"]}}],"collection":[{"href":"https:\/\/alinedupasquier.info\/fr\/wp-json\/wp\/v2\/pages"}],"about":[{"href":"https:\/\/alinedupasquier.info\/fr\/wp-json\/wp\/v2\/types\/page"}],"author":[{"embeddable":true,"href":"https:\/\/alinedupasquier.info\/fr\/wp-json\/wp\/v2\/users\/1"}],"replies":[{"embeddable":true,"href":"https:\/\/alinedupasquier.info\/fr\/wp-json\/wp\/v2\/comments?post=155"}],"version-history":[{"count":1,"href":"https:\/\/alinedupasquier.info\/fr\/wp-json\/wp\/v2\/pages\/155\/revisions"}],"predecessor-version":[{"id":2568,"href":"https:\/\/alinedupasquier.info\/fr\/wp-json\/wp\/v2\/pages\/155\/revisions\/2568"}],"wp:attachment":[{"href":"https:\/\/alinedupasquier.info\/fr\/wp-json\/wp\/v2\/media?parent=155"}],"curies":[{"name":"wp","href":"https:\/\/api.w.org\/{rel}","templated":true}]}}