{"id":157,"date":"2015-03-20T15:45:25","date_gmt":"2015-03-20T15:45:25","guid":{"rendered":"http:\/\/dev.alinedupasquier.info\/?page_id=157"},"modified":"2019-02-27T04:26:18","modified_gmt":"2019-02-27T03:26:18","slug":"audio","status":"publish","type":"page","link":"https:\/\/alinedupasquier.info\/fr\/audio\/","title":{"rendered":"Voir et entendre"},"content":{"rendered":"<p>[et_pb_section fb_built=\u00a0\u00bb1&Prime; specialty=\u00a0\u00bbon\u00a0\u00bb admin_label=\u00a0\u00bbsection\u00a0\u00bb _builder_version=\u00a0\u00bb3.0.47&Prime;][et_pb_column type=\u00a0\u00bb1_3&Prime; _builder_version=\u00a0\u00bb3.0.47&Prime;][et_pb_sidebar area=\u00a0\u00bbsidebar-1&Prime; admin_label=\u00a0\u00bbSidebar\u00a0\u00bb _builder_version=\u00a0\u00bb3.0.74&Prime;] [\/et_pb_sidebar][et_pb_text admin_label=\u00a0\u00bbText\u00a0\u00bb _builder_version=\u00a0\u00bb3.0.74&Prime; background_size=\u00a0\u00bbinitial\u00a0\u00bb background_position=\u00a0\u00bbtop_left\u00a0\u00bb background_repeat=\u00a0\u00bbrepeat\u00a0\u00bb]<\/p>\n<hr \/>\n<p><em><strong>Liens:<br \/>\n<\/strong><\/em><span style=\"text-decoration: underline;\"><a href=\"http:\/\/www.projektchor-rheinfelden.ch.\">Projektchor Rheinfelden<br \/>\n<\/a><a href=\"http:\/\/www.trirhenum.ch\">orchestre symphonique trirhenum<\/a><\/span><\/p>\n<hr \/>\n<p>&nbsp;<br \/>\n[\/et_pb_text][et_pb_image src=\u00a0\u00bbhttps:\/\/alinedupasquier.info\/wp-content\/uploads\/2015\/03\/bg-pattern.png\u00a0\u00bb show_bottom_space=\u00a0\u00bboff\u00a0\u00bb admin_label=\u00a0\u00bbImage\u00a0\u00bb _builder_version=\u00a0\u00bb3.19.14&Prime; animation=\u00a0\u00bboff\u00a0\u00bb sticky=\u00a0\u00bbon\u00a0\u00bb disabled_on=\u00a0\u00bbon|on|off\u00a0\u00bb] [\/et_pb_image][\/et_pb_column][et_pb_column type=\u00a0\u00bb2_3&Prime; specialty_columns=\u00a0\u00bb2&Prime; _builder_version=\u00a0\u00bb3.0.47&Prime;][et_pb_row_inner admin_label=\u00a0\u00bbrow_inner\u00a0\u00bb _builder_version=\u00a0\u00bb3.0.47&Prime;][et_pb_column_inner type=\u00a0\u00bb4_4&Prime; saved_specialty_column_type=\u00a0\u00bb2_3&Prime; _builder_version=\u00a0\u00bb3.0.47&Prime;][et_pb_text admin_label=\u00a0\u00bbText\u00a0\u00bb _builder_version=\u00a0\u00bb3.0.87&Prime; background_size=\u00a0\u00bbinitial\u00a0\u00bb background_position=\u00a0\u00bbtop_left\u00a0\u00bb background_repeat=\u00a0\u00bbrepeat\u00a0\u00bb use_border_color=\u00a0\u00bboff\u00a0\u00bb border_color=\u00a0\u00bb#ffffff\u00a0\u00bb border_style=\u00a0\u00bbsolid\u00a0\u00bb]<\/p>\n<h3><strong><em>CD \u00ab Brahms-Tzigane \u00bb :<\/em><\/strong><\/h3>\n<p><a href=\"https:\/\/alinedupasquier.info\/cd-brahms-tzigane\/\" rel=\"attachment wp-att-1124\"><img decoding=\"async\" class=\"alignleft wp-image-1124\" src=\"https:\/\/alinedupasquier.info\/wp-content\/uploads\/2015\/03\/Brahms-Umschlag-8.9.15-1024x914.jpg\" alt=\"*Brahms-Umschlag-8.9.15\" width=\"312\" height=\"279\" srcset=\"https:\/\/alinedupasquier.info\/wp-content\/uploads\/2015\/03\/Brahms-Umschlag-8.9.15-1024x914.jpg 1024w, https:\/\/alinedupasquier.info\/wp-content\/uploads\/2015\/03\/Brahms-Umschlag-8.9.15-300x268.jpg 300w, https:\/\/alinedupasquier.info\/wp-content\/uploads\/2015\/03\/Brahms-Umschlag-8.9.15-1080x964.jpg 1080w\" sizes=\"(max-width: 312px) 100vw, 312px\" \/><\/a><br \/>\n[\/et_pb_text][\/et_pb_column_inner][\/et_pb_row_inner][et_pb_row_inner admin_label=\u00a0\u00bbrow_inner\u00a0\u00bb _builder_version=\u00a0\u00bb3.0.47&Prime;][et_pb_column_inner type=\u00a0\u00bb4_4&Prime; saved_specialty_column_type=\u00a0\u00bb2_3&Prime; _builder_version=\u00a0\u00bb3.0.47&Prime;][et_pb_text admin_label=\u00a0\u00bbText\u00a0\u00bb _builder_version=\u00a0\u00bb3.0.74&Prime; background_size=\u00a0\u00bbinitial\u00a0\u00bb background_position=\u00a0\u00bbtop_left\u00a0\u00bb background_repeat=\u00a0\u00bbrepeat\u00a0\u00bb]<\/p>\n<h3><span style=\"color: #333333;\"><em><strong>Quelques enregistrements de concerts&#8230;<\/strong><\/em><\/span><\/h3>\n<p>[\/et_pb_text][et_pb_video src=\u00a0\u00bbhttps:\/\/youtu.be\/EvA1jRkEic0&Prime; admin_label=\u00a0\u00bbVideo\u00a0\u00bb _builder_version=\u00a0\u00bb3.0.47&Prime;] [\/et_pb_video][et_pb_video src=\u00a0\u00bbhttps:\/\/youtu.be\/8sV1PMpasfo\u00a0\u00bb admin_label=\u00a0\u00bbVideo\u00a0\u00bb _builder_version=\u00a0\u00bb3.0.47&Prime;] [\/et_pb_video][et_pb_video src=\u00a0\u00bbhttps:\/\/youtu.be\/uqEu48GzEA8&Prime; admin_label=\u00a0\u00bbVideo Feinsliebchen\u00a0\u00bb _builder_version=\u00a0\u00bb3.0.47&Prime;] [\/et_pb_video][et_pb_video src=\u00a0\u00bbhttps:\/\/youtu.be\/h7_IaAY9smE\u00a0\u00bb admin_label=\u00a0\u00bbVideo he Zigeuner\u00a0\u00bb _builder_version=\u00a0\u00bb3.0.47&Prime;][\/et_pb_video][\/et_pb_column_inner][\/et_pb_row_inner][et_pb_row_inner admin_label=\u00a0\u00bbrow_inner\u00a0\u00bb _builder_version=\u00a0\u00bb3.0.47&Prime;][et_pb_column_inner type=\u00a0\u00bb1_2&Prime; saved_specialty_column_type=\u00a0\u00bb2_3&Prime; _builder_version=\u00a0\u00bb3.0.47&Prime;][et_pb_audio audio=\u00a0\u00bbhttps:\/\/alinedupasquier.info\/wp-content\/uploads\/2015\/03\/zerfliesse_mein_herze_neu.mp3&Prime; title=\u00a0\u00bbZerflie\u00dfe mein Herze\u00a0\u00bb album_name=\u00a0\u00bbextrait de la passion selon St. Jean de J.S. Bach, Camerata Basel \u2013 Angelika Hirsch, direction\u00a0\u00bb admin_label=\u00a0\u00bb\u201cZerflie\u00dfe mein Herze\u201d\u00a0\u00bb _builder_version=\u00a0\u00bb3.0.48&Prime; background_color=\u00a0\u00bb#fcfbb8&Prime; background_size=\u00a0\u00bbinitial\u00a0\u00bb background_position=\u00a0\u00bbtop_left\u00a0\u00bb background_repeat=\u00a0\u00bbrepeat\u00a0\u00bb background_layout=\u00a0\u00bblight\u00a0\u00bb] [\/et_pb_audio][et_pb_audio audio=\u00a0\u00bbhttps:\/\/alinedupasquier.info\/wp-content\/uploads\/2015\/03\/pastourelle.mp3&Prime; title=\u00a0\u00bbPastourelle\u00a0\u00bb album_name=\u00a0\u00bbextr. des Chants d\u2019Auvergne de Joseph Canteloube, Orchestre symphonique Trirhenum, under Julian Gibbons\u00a0\u00bb admin_label=\u00a0\u00bbPastourelle\u00a0\u00bb _builder_version=\u00a0\u00bb3.0.48&Prime; background_color=\u00a0\u00bb#fff082&Prime; background_size=\u00a0\u00bbinitial\u00a0\u00bb background_position=\u00a0\u00bbtop_left\u00a0\u00bb background_repeat=\u00a0\u00bbrepeat\u00a0\u00bb background_layout=\u00a0\u00bblight\u00a0\u00bb] [\/et_pb_audio][et_pb_audio audio=\u00a0\u00bbhttps:\/\/alinedupasquier.info\/wp-content\/uploads\/2015\/03\/magnificat_quia_respexit.mp3&Prime; title=\u00a0\u00bbQuia respexit\u00a0\u00bb album_name=\u00a0\u00bbextr. du magnificat de J.S. Bach, BWV 234, Capriccio Basel, Angelika Hirsch, direction\u00a0\u00bb admin_label=\u00a0\u00bb\u201cQuia respexit\u201d\u00a0\u00bb _builder_version=\u00a0\u00bb3.0.48&Prime; background_color=\u00a0\u00bb#caef7a\u00a0\u00bb background_size=\u00a0\u00bbinitial\u00a0\u00bb background_position=\u00a0\u00bbtop_left\u00a0\u00bb background_repeat=\u00a0\u00bbrepeat\u00a0\u00bb background_layout=\u00a0\u00bblight\u00a0\u00bb] [\/et_pb_audio][\/et_pb_column_inner][et_pb_column_inner type=\u00a0\u00bb1_2&Prime; saved_specialty_column_type=\u00a0\u00bb2_3&Prime; _builder_version=\u00a0\u00bb3.0.47&Prime;][et_pb_audio audio=\u00a0\u00bbhttps:\/\/alinedupasquier.info\/wp-content\/uploads\/2015\/03\/dignare_domine.mp3&Prime; title=\u00a0\u00bbDignare Domine\u00a0\u00bb album_name=\u00a0\u00bbextr. du Te Deum de A. Dvo\u0159\u00e1k, Sebastian Goll, basse, Projektchor Rheinfelden, Capriccio Basel, Angelika Hirsch\u00a0\u00bb admin_label=\u00a0\u00bb\u201cDignare Domine\u201d\u00a0\u00bb _builder_version=\u00a0\u00bb3.0.48&Prime; background_color=\u00a0\u00bb#dcf0f7&Prime; background_size=\u00a0\u00bbinitial\u00a0\u00bb background_position=\u00a0\u00bbtop_left\u00a0\u00bb background_repeat=\u00a0\u00bbrepeat\u00a0\u00bb background_layout=\u00a0\u00bblight\u00a0\u00bb] [\/et_pb_audio][et_pb_audio audio=\u00a0\u00bbhttps:\/\/alinedupasquier.info\/wp-content\/uploads\/2015\/03\/lo_fiolaire.mp3&Prime; title=\u00a0\u00bbLo Fiolaire\u00a0\u00bb album_name=\u00a0\u00bbextr. des Chants d\u2019Auvergne de Joseph Canteloube, Orchestre symphonique Trirhenum, direction Julian Gibbons\u00a0\u00bb admin_label=\u00a0\u00bbLo Fiolaire\u00a0\u00bb _builder_version=\u00a0\u00bb3.0.48&Prime; background_color=\u00a0\u00bb#ddffbc\u00a0\u00bb background_size=\u00a0\u00bbinitial\u00a0\u00bb background_position=\u00a0\u00bbtop_left\u00a0\u00bb background_repeat=\u00a0\u00bbrepeat\u00a0\u00bb background_layout=\u00a0\u00bblight\u00a0\u00bb] [\/et_pb_audio][et_pb_audio audio=\u00a0\u00bbhttps:\/\/alinedupasquier.info\/wp-content\/uploads\/2015\/03\/11-Boze-Boze.mp3&Prime; title=\u00a0\u00bbBo\u017ee, Bo\u017ee \u00a0\u00bb album_name=\u00a0\u00bbchants bibliques de A. Dvo\u0159\u00e1k; Tobias Lindner, orgue\u00a0\u00bb admin_label=\u00a0\u00bbboze boze\u00a0\u00bb _builder_version=\u00a0\u00bb3.0.48&Prime; background_color=\u00a0\u00bb#f2deab\u00a0\u00bb background_size=\u00a0\u00bbinitial\u00a0\u00bb background_position=\u00a0\u00bbtop_left\u00a0\u00bb background_repeat=\u00a0\u00bbrepeat\u00a0\u00bb background_layout=\u00a0\u00bblight\u00a0\u00bb] [\/et_pb_audio][\/et_pb_column_inner][\/et_pb_row_inner][\/et_pb_column][\/et_pb_section][et_pb_section fb_built=\u00a0\u00bb1&Prime; admin_label=\u00a0\u00bbsection\u00a0\u00bb _builder_version=\u00a0\u00bb3.0.47&Prime;][et_pb_row admin_label=\u00a0\u00bbrow\u00a0\u00bb _builder_version=\u00a0\u00bb3.0.48&Prime; background_size=\u00a0\u00bbinitial\u00a0\u00bb background_position=\u00a0\u00bbtop_left\u00a0\u00bb background_repeat=\u00a0\u00bbrepeat\u00a0\u00bb][et_pb_column type=\u00a0\u00bb4_4&Prime; _builder_version=\u00a0\u00bb3.0.47&Prime;][et_pb_text admin_label=\u00a0\u00bbText\u00a0\u00bb _builder_version=\u00a0\u00bb3.0.87&Prime; background_size=\u00a0\u00bbinitial\u00a0\u00bb background_position=\u00a0\u00bbtop_left\u00a0\u00bb background_repeat=\u00a0\u00bbrepeat\u00a0\u00bb use_border_color=\u00a0\u00bboff\u00a0\u00bb border_color=\u00a0\u00bb#ffffff\u00a0\u00bb border_style=\u00a0\u00bbsolid\u00a0\u00bb]<\/p>\n<hr \/>\n<h2 style=\"text-align: center;\"><span style=\"color: #354d01;\"><em>\u00ab<span style=\"color: #ffffff;\">i<\/span>La musique donne une \u00e2me \u00e0 nos c\u0153urs et des ailes \u00e0 la pens\u00e9e<span style=\"color: #ffffff;\">i<\/span>\u00bb<\/em><\/span><\/h2>\n<p style=\"text-align: center;\"><span style=\"color: #354d01;\">\u2013 Platon<\/span><\/p>\n<hr \/>\n<p>[\/et_pb_text][\/et_pb_column][\/et_pb_row][\/et_pb_section]<\/p>\n","protected":false},"excerpt":{"rendered":"<p>Liens: Projektchor Rheinfelden orchestre symphonique trirhenum &nbsp; CD \u00ab Brahms-Tzigane \u00bb : Quelques enregistrements de concerts&#8230; \u00abiLa musique donne une \u00e2me \u00e0 nos c\u0153urs et des ailes \u00e0 la pens\u00e9ei\u00bb \u2013 Platon<\/p>\n","protected":false},"author":1,"featured_media":0,"parent":0,"menu_order":0,"comment_status":"closed","ping_status":"closed","template":"","meta":{"_et_pb_use_builder":"on","_et_pb_old_content":"","_et_gb_content_width":"","_exactmetrics_skip_tracking":false,"_exactmetrics_sitenote_active":false,"_exactmetrics_sitenote_note":"","_exactmetrics_sitenote_category":0,"footnotes":""},"class_list":["post-157","page","type-page","status-publish","hentry"],"yoast_head":"<!-- This site is optimized with the Yoast SEO plugin v27.4 - https:\/\/yoast.com\/product\/yoast-seo-wordpress\/ -->\n<title>Voir et entendre - Aline Du Pasquier<\/title>\n<meta name=\"robots\" content=\"index, follow, max-snippet:-1, max-image-preview:large, max-video-preview:-1\" \/>\n<link rel=\"canonical\" href=\"https:\/\/alinedupasquier.info\/fr\/audio\/\" \/>\n<meta property=\"og:locale\" content=\"fr_FR\" \/>\n<meta property=\"og:type\" content=\"article\" \/>\n<meta property=\"og:title\" content=\"Voir et entendre - Aline Du Pasquier\" \/>\n<meta property=\"og:description\" content=\"Liens: Projektchor Rheinfelden orchestre symphonique trirhenum &nbsp; CD \u00ab Brahms-Tzigane \u00bb : Quelques enregistrements de concerts... \u00abiLa musique donne une \u00e2me \u00e0 nos c\u0153urs et des ailes \u00e0 la pens\u00e9ei\u00bb \u2013 Platon\" \/>\n<meta property=\"og:url\" content=\"https:\/\/alinedupasquier.info\/fr\/audio\/\" \/>\n<meta property=\"og:site_name\" content=\"Aline Du Pasquier\" \/>\n<meta property=\"article:modified_time\" content=\"2019-02-27T03:26:18+00:00\" \/>\n<meta property=\"og:image\" content=\"https:\/\/alinedupasquier.info\/wp-content\/uploads\/2015\/03\/Brahms-Umschlag-8.9.15-1024x914.jpg\" \/>\n<meta name=\"twitter:card\" content=\"summary_large_image\" \/>\n<meta name=\"twitter:label1\" content=\"Dur\u00e9e de lecture estim\u00e9e\" \/>\n\t<meta name=\"twitter:data1\" content=\"4 minutes\" \/>\n<script type=\"application\/ld+json\" class=\"yoast-schema-graph\">{\"@context\":\"https:\\\/\\\/schema.org\",\"@graph\":[{\"@type\":\"WebPage\",\"@id\":\"https:\\\/\\\/alinedupasquier.info\\\/fr\\\/audio\\\/\",\"url\":\"https:\\\/\\\/alinedupasquier.info\\\/fr\\\/audio\\\/\",\"name\":\"Voir et entendre - Aline Du Pasquier\",\"isPartOf\":{\"@id\":\"https:\\\/\\\/alinedupasquier.info\\\/en\\\/#website\"},\"primaryImageOfPage\":{\"@id\":\"https:\\\/\\\/alinedupasquier.info\\\/fr\\\/audio\\\/#primaryimage\"},\"image\":{\"@id\":\"https:\\\/\\\/alinedupasquier.info\\\/fr\\\/audio\\\/#primaryimage\"},\"thumbnailUrl\":\"https:\\\/\\\/alinedupasquier.info\\\/wp-content\\\/uploads\\\/2015\\\/03\\\/Brahms-Umschlag-8.9.15-1024x914.jpg\",\"datePublished\":\"2015-03-20T15:45:25+00:00\",\"dateModified\":\"2019-02-27T03:26:18+00:00\",\"breadcrumb\":{\"@id\":\"https:\\\/\\\/alinedupasquier.info\\\/fr\\\/audio\\\/#breadcrumb\"},\"inLanguage\":\"fr-FR\",\"potentialAction\":[{\"@type\":\"ReadAction\",\"target\":[\"https:\\\/\\\/alinedupasquier.info\\\/fr\\\/audio\\\/\"]}]},{\"@type\":\"ImageObject\",\"inLanguage\":\"fr-FR\",\"@id\":\"https:\\\/\\\/alinedupasquier.info\\\/fr\\\/audio\\\/#primaryimage\",\"url\":\"https:\\\/\\\/alinedupasquier.info\\\/wp-content\\\/uploads\\\/2015\\\/03\\\/Brahms-Umschlag-8.9.15-1024x914.jpg\",\"contentUrl\":\"https:\\\/\\\/alinedupasquier.info\\\/wp-content\\\/uploads\\\/2015\\\/03\\\/Brahms-Umschlag-8.9.15-1024x914.jpg\"},{\"@type\":\"BreadcrumbList\",\"@id\":\"https:\\\/\\\/alinedupasquier.info\\\/fr\\\/audio\\\/#breadcrumb\",\"itemListElement\":[{\"@type\":\"ListItem\",\"position\":1,\"name\":\"Startseite\",\"item\":\"https:\\\/\\\/alinedupasquier.info\\\/fr\\\/\"},{\"@type\":\"ListItem\",\"position\":2,\"name\":\"Voir et entendre\"}]},{\"@type\":\"WebSite\",\"@id\":\"https:\\\/\\\/alinedupasquier.info\\\/en\\\/#website\",\"url\":\"https:\\\/\\\/alinedupasquier.info\\\/en\\\/\",\"name\":\"Aline Du Pasquier \u2022 soprano\",\"description\":\"soprano\",\"publisher\":{\"@id\":\"https:\\\/\\\/alinedupasquier.info\\\/en\\\/#\\\/schema\\\/person\\\/d4f0e1e57034da64a5601c8fd4702c92\"},\"potentialAction\":[{\"@type\":\"SearchAction\",\"target\":{\"@type\":\"EntryPoint\",\"urlTemplate\":\"https:\\\/\\\/alinedupasquier.info\\\/en\\\/?s={search_term_string}\"},\"query-input\":{\"@type\":\"PropertyValueSpecification\",\"valueRequired\":true,\"valueName\":\"search_term_string\"}}],\"inLanguage\":\"fr-FR\"},{\"@type\":[\"Person\",\"Organization\"],\"@id\":\"https:\\\/\\\/alinedupasquier.info\\\/en\\\/#\\\/schema\\\/person\\\/d4f0e1e57034da64a5601c8fd4702c92\",\"name\":\"Aline Du Pasquier\",\"image\":{\"@type\":\"ImageObject\",\"inLanguage\":\"fr-FR\",\"@id\":\"https:\\\/\\\/secure.gravatar.com\\\/avatar\\\/048959dd99598e7c7d82135ad22edaeb60d29e3e7bcb8c19ec9a7076eafa884d?s=96&d=mm&r=g\",\"url\":\"https:\\\/\\\/secure.gravatar.com\\\/avatar\\\/048959dd99598e7c7d82135ad22edaeb60d29e3e7bcb8c19ec9a7076eafa884d?s=96&d=mm&r=g\",\"contentUrl\":\"https:\\\/\\\/secure.gravatar.com\\\/avatar\\\/048959dd99598e7c7d82135ad22edaeb60d29e3e7bcb8c19ec9a7076eafa884d?s=96&d=mm&r=g\",\"caption\":\"Aline Du Pasquier\"},\"logo\":{\"@id\":\"https:\\\/\\\/secure.gravatar.com\\\/avatar\\\/048959dd99598e7c7d82135ad22edaeb60d29e3e7bcb8c19ec9a7076eafa884d?s=96&d=mm&r=g\"},\"sameAs\":[\"https:\\\/\\\/alinedupasquier.info\"]}]}<\/script>\n<!-- \/ Yoast SEO plugin. -->","yoast_head_json":{"title":"Voir et entendre - Aline Du Pasquier","robots":{"index":"index","follow":"follow","max-snippet":"max-snippet:-1","max-image-preview":"max-image-preview:large","max-video-preview":"max-video-preview:-1"},"canonical":"https:\/\/alinedupasquier.info\/fr\/audio\/","og_locale":"fr_FR","og_type":"article","og_title":"Voir et entendre - Aline Du Pasquier","og_description":"Liens: Projektchor Rheinfelden orchestre symphonique trirhenum &nbsp; CD \u00ab Brahms-Tzigane \u00bb : Quelques enregistrements de concerts... \u00abiLa musique donne une \u00e2me \u00e0 nos c\u0153urs et des ailes \u00e0 la pens\u00e9ei\u00bb \u2013 Platon","og_url":"https:\/\/alinedupasquier.info\/fr\/audio\/","og_site_name":"Aline Du Pasquier","article_modified_time":"2019-02-27T03:26:18+00:00","og_image":[{"url":"https:\/\/alinedupasquier.info\/wp-content\/uploads\/2015\/03\/Brahms-Umschlag-8.9.15-1024x914.jpg","type":"","width":"","height":""}],"twitter_card":"summary_large_image","twitter_misc":{"Dur\u00e9e de lecture estim\u00e9e":"4 minutes"},"schema":{"@context":"https:\/\/schema.org","@graph":[{"@type":"WebPage","@id":"https:\/\/alinedupasquier.info\/fr\/audio\/","url":"https:\/\/alinedupasquier.info\/fr\/audio\/","name":"Voir et entendre - Aline Du Pasquier","isPartOf":{"@id":"https:\/\/alinedupasquier.info\/en\/#website"},"primaryImageOfPage":{"@id":"https:\/\/alinedupasquier.info\/fr\/audio\/#primaryimage"},"image":{"@id":"https:\/\/alinedupasquier.info\/fr\/audio\/#primaryimage"},"thumbnailUrl":"https:\/\/alinedupasquier.info\/wp-content\/uploads\/2015\/03\/Brahms-Umschlag-8.9.15-1024x914.jpg","datePublished":"2015-03-20T15:45:25+00:00","dateModified":"2019-02-27T03:26:18+00:00","breadcrumb":{"@id":"https:\/\/alinedupasquier.info\/fr\/audio\/#breadcrumb"},"inLanguage":"fr-FR","potentialAction":[{"@type":"ReadAction","target":["https:\/\/alinedupasquier.info\/fr\/audio\/"]}]},{"@type":"ImageObject","inLanguage":"fr-FR","@id":"https:\/\/alinedupasquier.info\/fr\/audio\/#primaryimage","url":"https:\/\/alinedupasquier.info\/wp-content\/uploads\/2015\/03\/Brahms-Umschlag-8.9.15-1024x914.jpg","contentUrl":"https:\/\/alinedupasquier.info\/wp-content\/uploads\/2015\/03\/Brahms-Umschlag-8.9.15-1024x914.jpg"},{"@type":"BreadcrumbList","@id":"https:\/\/alinedupasquier.info\/fr\/audio\/#breadcrumb","itemListElement":[{"@type":"ListItem","position":1,"name":"Startseite","item":"https:\/\/alinedupasquier.info\/fr\/"},{"@type":"ListItem","position":2,"name":"Voir et entendre"}]},{"@type":"WebSite","@id":"https:\/\/alinedupasquier.info\/en\/#website","url":"https:\/\/alinedupasquier.info\/en\/","name":"Aline Du Pasquier \u2022 soprano","description":"soprano","publisher":{"@id":"https:\/\/alinedupasquier.info\/en\/#\/schema\/person\/d4f0e1e57034da64a5601c8fd4702c92"},"potentialAction":[{"@type":"SearchAction","target":{"@type":"EntryPoint","urlTemplate":"https:\/\/alinedupasquier.info\/en\/?s={search_term_string}"},"query-input":{"@type":"PropertyValueSpecification","valueRequired":true,"valueName":"search_term_string"}}],"inLanguage":"fr-FR"},{"@type":["Person","Organization"],"@id":"https:\/\/alinedupasquier.info\/en\/#\/schema\/person\/d4f0e1e57034da64a5601c8fd4702c92","name":"Aline Du Pasquier","image":{"@type":"ImageObject","inLanguage":"fr-FR","@id":"https:\/\/secure.gravatar.com\/avatar\/048959dd99598e7c7d82135ad22edaeb60d29e3e7bcb8c19ec9a7076eafa884d?s=96&d=mm&r=g","url":"https:\/\/secure.gravatar.com\/avatar\/048959dd99598e7c7d82135ad22edaeb60d29e3e7bcb8c19ec9a7076eafa884d?s=96&d=mm&r=g","contentUrl":"https:\/\/secure.gravatar.com\/avatar\/048959dd99598e7c7d82135ad22edaeb60d29e3e7bcb8c19ec9a7076eafa884d?s=96&d=mm&r=g","caption":"Aline Du Pasquier"},"logo":{"@id":"https:\/\/secure.gravatar.com\/avatar\/048959dd99598e7c7d82135ad22edaeb60d29e3e7bcb8c19ec9a7076eafa884d?s=96&d=mm&r=g"},"sameAs":["https:\/\/alinedupasquier.info"]}]}},"_links":{"self":[{"href":"https:\/\/alinedupasquier.info\/fr\/wp-json\/wp\/v2\/pages\/157","targetHints":{"allow":["GET"]}}],"collection":[{"href":"https:\/\/alinedupasquier.info\/fr\/wp-json\/wp\/v2\/pages"}],"about":[{"href":"https:\/\/alinedupasquier.info\/fr\/wp-json\/wp\/v2\/types\/page"}],"author":[{"embeddable":true,"href":"https:\/\/alinedupasquier.info\/fr\/wp-json\/wp\/v2\/users\/1"}],"replies":[{"embeddable":true,"href":"https:\/\/alinedupasquier.info\/fr\/wp-json\/wp\/v2\/comments?post=157"}],"version-history":[{"count":2,"href":"https:\/\/alinedupasquier.info\/fr\/wp-json\/wp\/v2\/pages\/157\/revisions"}],"predecessor-version":[{"id":2566,"href":"https:\/\/alinedupasquier.info\/fr\/wp-json\/wp\/v2\/pages\/157\/revisions\/2566"}],"wp:attachment":[{"href":"https:\/\/alinedupasquier.info\/fr\/wp-json\/wp\/v2\/media?parent=157"}],"curies":[{"name":"wp","href":"https:\/\/api.w.org\/{rel}","templated":true}]}}